{"id":1337,"date":"2016-08-20T09:37:59","date_gmt":"2016-08-20T09:37:59","guid":{"rendered":"https:\/\/mv-gechingen.de\/?page_id=1337"},"modified":"2026-02-12T16:31:41","modified_gmt":"2026-02-12T15:31:41","slug":"kooperation-schule-und-verein","status":"publish","type":"page","link":"https:\/\/mv-gechingen.de\/?page_id=1337","title":{"rendered":"Kooperation Schule\/Verein"},"content":{"rendered":"\n<p>Seit dem Schuljahr 2015\/1016 unterst\u00fctzt der Musikverein Gechingen das neue Bl\u00e4serprofil an der Realschule Althengstett. Durch die enge Kooperation ist ein direkter Einstieg in unsere Jugendkapellen w\u00e4hrend und nach dem Besuch der Bl\u00e4serklasse<br>\nm\u00f6glich. Die musikalische Ausbildung kann beim Musikverein Gechingen jederzeit fortgesetzt werden.<\/p>\n\n\n\n<p><strong>Und so funktioniert&#8217;s<\/strong><\/p>\n\n\n\n<p>Schu\u0308lerinnen und Schu\u0308ler der Realschule Althengstett haben innerhalb von zwei Schuljahren (5. und 6. Klasse) die M\u00f6glichkeit im Musikunterricht ein Blasinstrument erlernen. (Klarinette, Saxophon, Posaune, Trompete und Bariton).<strong><br>\n<\/strong>Im Musikunterricht wird die Musiktheorie behandelt. Der Instrumentalunterricht in Kleingruppen wird von ausgebildeten Lehrern der Musikschule Calw und den Musiklehrern der Realschule betreut. Zus\u00e4tzlich gibt es gemeinsame Orchesterproben. Die monatliche Gebu\u0308hr fu\u0308r den Musikschulunterricht und ein Leihinstrument betr\u00e4gt 39 EUR und liegt damit unter den regul\u00e4ren Musikschulgebu\u0308hren.<\/p>\n\n\n\n<p><strong>Das bringt&#8217;s<\/strong><\/p>\n\n\n\n<p>Musik machen macht Spa\u00df, f\u00f6rdert die Gemeinschaft und st\u00e4rkt die Konzentration und Koordination. Bei genu\u0308gend Anmeldungen entsteht aus den Bl\u00e4sern eine komplette Schulklasse, die s\u00e4mtliche Proben und Auftritte gemeinsam bestreitet.<\/p>\n\n\n\n<ul>\n<li><a href=\"http:\/\/www.rs-althengstett.de\/front_content.php?idcat=347&amp;idart=371\" target=\"_blank\" rel=\"noopener\">Download Flyer<\/a><\/li>\n\n\n\n<li><a href=\"http:\/\/www.rs-althengstett.de\/front_content.php?idcat=347&amp;idart=371\" target=\"_blank\" rel=\"noopener\">Zur Webseite der Bl\u00e4serklasse<\/a><\/li>\n<\/ul>\n\n\n<div class=\"wp-block-image\">\n<figure class=\"alignleft\"><a href=\"http:\/\/mv-gechingen.de\/wordpress_01\/wp-content\/uploads\/2016\/08\/blaeserklasse_01.jpg\"><img loading=\"lazy\" decoding=\"async\" width=\"1600\" height=\"742\" src=\"http:\/\/mv-gechingen.de\/wordpress_01\/wp-content\/uploads\/2016\/08\/blaeserklasse_01.jpg\" alt=\"blaeserklasse_01\" class=\"wp-image-1349\" srcset=\"https:\/\/mv-gechingen.de\/wordpress_01\/wp-content\/uploads\/2016\/08\/blaeserklasse_01.jpg 1600w, https:\/\/mv-gechingen.de\/wordpress_01\/wp-content\/uploads\/2016\/08\/blaeserklasse_01-300x139.jpg 300w, https:\/\/mv-gechingen.de\/wordpress_01\/wp-content\/uploads\/2016\/08\/blaeserklasse_01-1024x474.jpg 1024w, https:\/\/mv-gechingen.de\/wordpress_01\/wp-content\/uploads\/2016\/08\/blaeserklasse_01-500x231.jpg 500w\" sizes=\"(max-width: 1600px) 100vw, 1600px\" \/><\/a><\/figure><\/div>\n\n\n<p>Interesse? Unser Jugendteam freut sich auf Ihre Kontaktanfrage:<\/p>\n\n\n\n<figure class=\"wp-block-table\"><table><tbody><tr><td><\/td><td><br><h3>Unser Jugendteam<\/h3><br><p><strong>Marvin Welte \/ Tina D&#8217;Aiera<\/strong><br><br><a href=\"mailto:jugendleitung@mv-gechingen.de\">jugendleiter@mv-gechingen.de<\/a><\/p><\/td><\/tr><\/tbody><\/table><\/figure>\n","protected":false},"excerpt":{"rendered":"<p>Seit dem Schuljahr 2015\/1016 unterst\u00fctzt der Musikverein Gechingen das neue Bl\u00e4serprofil an der Realschule Althengstett. Durch die enge Kooperation ist ein direkter Einstieg in unsere Jugendkapellen w\u00e4hrend und nach dem Besuch der Bl\u00e4serklasse m\u00f6glich. Die musikalische Ausbildung kann beim Musikverein &hellip; <a href=\"https:\/\/mv-gechingen.de\/?page_id=1337\">Weiterlesen <span class=\"meta-nav\">&rarr;<\/span><\/a><\/p>\n","protected":false},"author":1,"featured_media":1347,"parent":19,"menu_order":0,"comment_status":"closed","ping_status":"closed","template":"","meta":{"footnotes":""},"_links":{"self":[{"href":"https:\/\/mv-gechingen.de\/index.php?rest_route=\/wp\/v2\/pages\/1337"}],"collection":[{"href":"https:\/\/mv-gechingen.de\/index.php?rest_route=\/wp\/v2\/pages"}],"about":[{"href":"https:\/\/mv-gechingen.de\/index.php?rest_route=\/wp\/v2\/types\/page"}],"author":[{"embeddable":true,"href":"https:\/\/mv-gechingen.de\/index.php?rest_route=\/wp\/v2\/users\/1"}],"replies":[{"embeddable":true,"href":"https:\/\/mv-gechingen.de\/index.php?rest_route=%2Fwp%2Fv2%2Fcomments&post=1337"}],"version-history":[{"count":19,"href":"https:\/\/mv-gechingen.de\/index.php?rest_route=\/wp\/v2\/pages\/1337\/revisions"}],"predecessor-version":[{"id":2875,"href":"https:\/\/mv-gechingen.de\/index.php?rest_route=\/wp\/v2\/pages\/1337\/revisions\/2875"}],"up":[{"embeddable":true,"href":"https:\/\/mv-gechingen.de\/index.php?rest_route=\/wp\/v2\/pages\/19"}],"wp:featuredmedia":[{"embeddable":true,"href":"https:\/\/mv-gechingen.de\/index.php?rest_route=\/wp\/v2\/media\/1347"}],"wp:attachment":[{"href":"https:\/\/mv-gechingen.de\/index.php?rest_route=%2Fwp%2Fv2%2Fmedia&parent=1337"}],"curies":[{"name":"wp","href":"https:\/\/api.w.org\/{rel}","templated":true}]}}