{"id":275,"date":"2014-01-02T22:23:36","date_gmt":"2014-01-02T22:23:36","guid":{"rendered":"https:\/\/mv-gechingen.de\/?page_id=275"},"modified":"2026-02-12T16:47:08","modified_gmt":"2026-02-12T15:47:08","slug":"gechinger-strasenfest","status":"publish","type":"page","link":"https:\/\/mv-gechingen.de\/?page_id=275","title":{"rendered":"Gechinger Stra\u00dfenfest"},"content":{"rendered":"\n<p>Was w\u00e4re Gechingen ohne sein traditionelles Stra\u00dfenfest.<\/p>\n\n\n\n<p>Einmal im Jahr, meist Anfang Juli, verwandelt sich die Brunnenstra\u00dfe im Herzen Gechingens in ein buntes Treiben. An zwei Tagen bietet der Musikverein Gechingen ein abwechslungsreiches Programm f\u00fcr Jung und Alt.<\/p>\n\n\n\n<p>Kulinarischen Leckerbissen, wie der ber\u00fchmte Gechinger Zwiebel- und Kartoffelkuchen, geh\u00f6ren genau so dazu, wie eine schmackhaftes musikalisches Rahmenprogramm.<br>\nVerschiedene befreundete Musikvereine und Kapellen aus der Region sorgen f\u00fcr beste Stimmung unter den Stra\u00dfenfest-Besuchern.<\/p>\n\n\n\n<p>Weitere Highlights sind der Gottesdienst im Freien am Sonntg Vormittag und unsere Kinderspielstra\u00dfe mit verschiedenen interessanten Stationen<\/p>\n\n\n\n<figure class=\"wp-block-table\"><table><tbody><tr><td><\/td><td><br><h3>n\u00e4chsteR Termin<\/h3><br><h1>Gechinger Stra\u00dfenfest 2026<br><br>11.\/12. Juli<\/h1><br><\/td><\/tr><\/tbody><\/table><\/figure>\n","protected":false},"excerpt":{"rendered":"<p>Was w\u00e4re Gechingen ohne sein traditionelles Stra\u00dfenfest. Einmal im Jahr, meist Anfang Juli, verwandelt sich die Brunnenstra\u00dfe im Herzen Gechingens in ein buntes Treiben. An zwei Tagen bietet der Musikverein Gechingen ein abwechslungsreiches Programm f\u00fcr Jung und Alt. Kulinarischen Leckerbissen, &hellip; <a href=\"https:\/\/mv-gechingen.de\/?page_id=275\">Weiterlesen <span class=\"meta-nav\">&rarr;<\/span><\/a><\/p>\n","protected":false},"author":1,"featured_media":1735,"parent":341,"menu_order":0,"comment_status":"closed","ping_status":"closed","template":"","meta":{"footnotes":""},"_links":{"self":[{"href":"https:\/\/mv-gechingen.de\/index.php?rest_route=\/wp\/v2\/pages\/275"}],"collection":[{"href":"https:\/\/mv-gechingen.de\/index.php?rest_route=\/wp\/v2\/pages"}],"about":[{"href":"https:\/\/mv-gechingen.de\/index.php?rest_route=\/wp\/v2\/types\/page"}],"author":[{"embeddable":true,"href":"https:\/\/mv-gechingen.de\/index.php?rest_route=\/wp\/v2\/users\/1"}],"replies":[{"embeddable":true,"href":"https:\/\/mv-gechingen.de\/index.php?rest_route=%2Fwp%2Fv2%2Fcomments&post=275"}],"version-history":[{"count":28,"href":"https:\/\/mv-gechingen.de\/index.php?rest_route=\/wp\/v2\/pages\/275\/revisions"}],"predecessor-version":[{"id":2880,"href":"https:\/\/mv-gechingen.de\/index.php?rest_route=\/wp\/v2\/pages\/275\/revisions\/2880"}],"up":[{"embeddable":true,"href":"https:\/\/mv-gechingen.de\/index.php?rest_route=\/wp\/v2\/pages\/341"}],"wp:featuredmedia":[{"embeddable":true,"href":"https:\/\/mv-gechingen.de\/index.php?rest_route=\/wp\/v2\/media\/1735"}],"wp:attachment":[{"href":"https:\/\/mv-gechingen.de\/index.php?rest_route=%2Fwp%2Fv2%2Fmedia&parent=275"}],"curies":[{"name":"wp","href":"https:\/\/api.w.org\/{rel}","templated":true}]}}